{"id":30,"date":"2013-04-18T23:55:07","date_gmt":"2013-04-18T23:55:07","guid":{"rendered":"https:\/\/sinticomp.org.br\/portal\/?page_id=30"},"modified":"2013-05-13T12:10:13","modified_gmt":"2013-05-13T12:10:13","slug":"links","status":"publish","type":"page","link":"https:\/\/sinticomp.org.br\/portal\/servicos\/links\/","title":{"rendered":"Links, endere\u00e7os e telefones"},"content":{"rendered":"<table width=\"100%\" border=\"1\" cellspacing=\"0\" cellpadding=\"0\">\n<thead>\n<tr>\n<td width=\"238\">\n<p align=\"center\"><b>Sindicato<\/b><b><\/b><\/p>\n<\/td>\n<td width=\"254\">\n<p align=\"center\"><b>Endereco<\/b><b><\/b><\/p>\n<\/td>\n<td width=\"93\">\n<p align=\"center\"><b>Cidade<\/b><b><\/b><\/p>\n<\/td>\n<td width=\"114\">\n<p align=\"center\"><b>Telefone<\/b><b><\/b><\/p>\n<\/td>\n<\/tr>\n<\/thead>\n<tbody>\n<tr>\n<td valign=\"top\" width=\"238\">Sindicato Trab. Com. Min. Derivados de petr\u00f3leo de Uberl\u00e2ndia<\/td>\n<td valign=\"top\" width=\"254\">R. Pedro Macedo Costa, 24<\/td>\n<td valign=\"top\" width=\"93\">Uberl\u00e2ndia<\/td>\n<td valign=\"top\" width=\"114\">34-3223-9722<\/td>\n<\/tr>\n<tr>\n<td valign=\"top\" width=\"238\">Sindicato Trab. Emp. Culturais Recreativo Udia<\/td>\n<td valign=\"top\" width=\"254\">Av. Jo\u00e3o Naves de \u00c1vila, 575 s\/ 02<\/td>\n<td valign=\"top\" width=\"93\">Uberl\u00e2ndia<\/td>\n<td valign=\"top\" width=\"114\">34-3219-4094<\/td>\n<\/tr>\n<tr>\n<td valign=\"top\" width=\"238\">Sindicato Trab. Ind. Alimenta\u00e7\u00e3o e Afins de Udia<\/td>\n<td valign=\"top\" width=\"254\">R. Benjamin Constant, 529<\/td>\n<td valign=\"top\" width=\"93\">Uberl\u00e2ndia<\/td>\n<td valign=\"top\" width=\"114\">34-3236-2223<\/td>\n<\/tr>\n<tr>\n<td valign=\"top\" width=\"238\">Sindicato dos Professores de Minas Gerais<\/td>\n<td valign=\"top\" width=\"254\">Rua Oleg\u00e1rio Maciel,1212- 38.400-086<\/td>\n<td valign=\"top\" width=\"93\">Uberl\u00e2ndia<\/td>\n<td valign=\"top\" width=\"114\">34-3214-3566<\/td>\n<\/tr>\n<tr>\n<td valign=\"top\" width=\"238\">Sindicato Aux. Adm. Escolar do Estado de MG.<\/td>\n<td valign=\"top\" width=\"254\">Av. Floriano Peixoto, 386 &#8211; s\/ 407<\/td>\n<td valign=\"top\" width=\"93\">Uberl\u00e2ndia<\/td>\n<td valign=\"top\" width=\"114\">34-3214-0033<\/td>\n<\/tr>\n<tr>\n<td valign=\"top\" width=\"238\">Sindicato Carregadores e Ensacadores de Caf\u00e9 de Ud<\/td>\n<td valign=\"top\" width=\"254\">R. Do Milho, 1001<\/td>\n<td valign=\"top\" width=\"93\">Uberl\u00e2ndia<\/td>\n<td valign=\"top\" width=\"114\">34-3213-9220<\/td>\n<\/tr>\n<tr>\n<td valign=\"top\" width=\"238\">Sindicato Cond. Auton\u00f4mo Ve\u00edculos Rodovi\u00e1rios Udia<\/td>\n<td valign=\"top\" width=\"254\">Pra\u00e7a C\u00e9sar Lathes, 184<\/td>\n<td valign=\"top\" width=\"93\">Uberl\u00e2ndia<\/td>\n<td valign=\"top\" width=\"114\"><\/td>\n<\/tr>\n<tr>\n<td valign=\"top\" width=\"238\">Sindicato dos Empregadores Com. Udia e Araguari<\/td>\n<td valign=\"top\" width=\"254\">Av. Fernando Vilela, 1421<\/td>\n<td valign=\"top\" width=\"93\">Uberl\u00e2ndia<\/td>\n<td valign=\"top\" width=\"114\">34-3231-7738<\/td>\n<\/tr>\n<tr>\n<td valign=\"top\" width=\"238\">Sindicato Empregados Empresas Seg. Vigil\u00e2ncia Udia<\/td>\n<td valign=\"top\" width=\"254\">R. Ivaldo Alves do Nascimento, 1150<\/td>\n<td valign=\"top\" width=\"93\">Uberl\u00e2ndia<\/td>\n<td valign=\"top\" width=\"114\">34-3236-7277<\/td>\n<\/tr>\n<tr>\n<td valign=\"top\" width=\"238\">Sindicato Empregadores em Turismo e Hospitalidade<\/td>\n<td valign=\"top\" width=\"254\">Av. Araguari, 1251- <a href=\"mailto:carminhaseth@hotmail.com\">carminhaseth@hotmail.com<\/a><\/td>\n<td valign=\"top\" width=\"93\">Uberl\u00e2ndia<\/td>\n<td valign=\"top\" width=\"114\">34-3219-5395<\/td>\n<\/tr>\n<tr>\n<td valign=\"top\" width=\"238\">Sindicato Trab. Ind. Energ\u00e9tica MG<\/td>\n<td valign=\"top\" width=\"254\">R. Comendador Alexandrino Garcia, 95<\/td>\n<td valign=\"top\" width=\"93\">Uberl\u00e2ndia<\/td>\n<td valign=\"top\" width=\"114\">34-3212-5001<\/td>\n<\/tr>\n<tr>\n<td valign=\"top\" width=\"238\">Sindicato Trab. Ind. Fumo de Udia<\/td>\n<td valign=\"top\" width=\"254\">R. Dos Pereiras, 781<\/td>\n<td valign=\"top\" width=\"93\">Uberl\u00e2ndia<\/td>\n<td valign=\"top\" width=\"114\">34-3236-6472<\/td>\n<\/tr>\n<tr>\n<td valign=\"top\" width=\"238\">Sindicato Trab. Ind Gr\u00e1ficas, Jornais e Revistas U<\/td>\n<td valign=\"top\" width=\"254\">R. Jer\u00f4nimo Martins do Nascimento, 589<\/td>\n<td valign=\"top\" width=\"93\">Uberl\u00e2ndia<\/td>\n<td valign=\"top\" width=\"114\">34-3232-9022<\/td>\n<\/tr>\n<tr>\n<td valign=\"top\" width=\"238\">Sindicato Trab. Ind. Met. Mat. El\u00e9tricos de Udia<\/td>\n<td valign=\"top\" width=\"254\">Av. Jo\u00e3o Naves de \u00c1vila, 575 s\/ 2<\/td>\n<td valign=\"top\" width=\"93\">Uberl\u00e2ndia<\/td>\n<td valign=\"top\" width=\"114\">34-3219-4094<\/td>\n<\/tr>\n<tr>\n<td valign=\"top\" width=\"238\">Sindicato Trab. Movimenta\u00e7\u00e3o Mercadorias em Geral<\/td>\n<td valign=\"top\" width=\"254\">R. do Milho, 1001<\/td>\n<td valign=\"top\" width=\"93\">Uberl\u00e2ndia<\/td>\n<td valign=\"top\" width=\"114\">34-3213-9220<\/td>\n<\/tr>\n<tr>\n<td valign=\"top\" width=\"238\">Sindicato \u00danico Trab. Educa\u00e7\u00e3o de Udia<\/td>\n<td valign=\"top\" width=\"254\">Av. Paes Leme, 382<\/td>\n<td valign=\"top\" width=\"93\">Uberl\u00e2ndia<\/td>\n<td valign=\"top\" width=\"114\">34-<\/td>\n<\/tr>\n<tr>\n<td valign=\"top\" width=\"238\">Sindicato dos Trab. Em Ind. Do Vestu\u00e1rio de Udia<\/td>\n<td valign=\"top\" width=\"254\">R. Jata\u00ed, 640<\/td>\n<td valign=\"top\" width=\"93\">Uberl\u00e2ndia<\/td>\n<td valign=\"top\" width=\"114\">34-3232-0035<\/td>\n<\/tr>\n<tr>\n<td valign=\"top\" width=\"238\">Sidicato Emp. Empresas de Asseio e Conserva\u00e7\u00e3o de<\/td>\n<td valign=\"top\" width=\"254\">R. Roosvelt de Oliveira, 626<\/td>\n<td valign=\"top\" width=\"93\">Uberl\u00e2ndia<\/td>\n<td valign=\"top\" width=\"114\">34-3236-8587<\/td>\n<\/tr>\n<tr>\n<td valign=\"top\" width=\"238\">Sindicato Trab. Ind. Fia\u00e7\u00e3o e Tecelagem de Udia<\/td>\n<td valign=\"top\" width=\"254\">R. Pedro Ivo, 585<\/td>\n<td valign=\"top\" width=\"93\">Uberl\u00e2ndia<\/td>\n<td valign=\"top\" width=\"114\">34-3213-1089<\/td>\n<\/tr>\n<tr>\n<td valign=\"top\" width=\"238\">Sindicato Empreg.Estabelecimentos Serv. Sa\u00fade Udia<\/td>\n<td valign=\"top\" width=\"254\">R. Coronel Ant\u00f4nio Alves, 41 s\/403<\/td>\n<td valign=\"top\" width=\"93\">Uberl\u00e2ndia<\/td>\n<td valign=\"top\" width=\"114\">34-3236-2101<\/td>\n<\/tr>\n<tr>\n<td valign=\"top\" width=\"238\">Sindicato Empr. Estabelecimentos Banc\u00e1rios Udia<\/td>\n<td valign=\"top\" width=\"254\">R. Duque de Caxias, 95 2\u00aa piso<\/td>\n<td valign=\"top\" width=\"93\">Uberl\u00e2ndia<\/td>\n<td valign=\"top\" width=\"114\">34-3236-7277<\/td>\n<\/tr>\n<tr>\n<td valign=\"top\" width=\"238\">Sindicato Trab. Rurais de Uberl\u00e2ndia<\/td>\n<td valign=\"top\" width=\"254\">Rua Agenor Paes, 149<\/td>\n<td valign=\"top\" width=\"93\">Uberl\u00e2ndia<\/td>\n<td valign=\"top\" width=\"114\">34-3086-2475<\/td>\n<\/tr>\n<tr>\n<td valign=\"top\" width=\"238\">Sindicato Trab. Servi\u00e7os P\u00fablico Municipal de Udia<\/td>\n<td valign=\"top\" width=\"254\">R. Professor Euler Lanes Bernardes, 789<\/td>\n<td valign=\"top\" width=\"93\">Uberl\u00e2ndia<\/td>\n<td valign=\"top\" width=\"114\">34-3214-3223<\/td>\n<\/tr>\n<tr>\n<td valign=\"top\" width=\"238\">Sindicato Trab. T\u00e9cnicos Adm. Inst. Fed. De Ensino<\/td>\n<td valign=\"top\" width=\"254\">R. Abdala Haddad, 204<\/td>\n<td valign=\"top\" width=\"93\">Uberl\u00e2ndia<\/td>\n<td valign=\"top\" width=\"114\">34-3214-1649<\/td>\n<\/tr>\n<tr>\n<td valign=\"top\" width=\"238\">Sindicato Trab. Transportes Rodovi\u00e1rios de Udia<\/td>\n<td valign=\"top\" width=\"254\">Av. Fernando Vilela, 1449<\/td>\n<td valign=\"top\" width=\"93\">Uberl\u00e2ndia<\/td>\n<td valign=\"top\" width=\"114\">34-3253-8000<\/td>\n<\/tr>\n<tr>\n<td valign=\"top\" width=\"238\">SINTAPP<\/td>\n<td valign=\"top\" width=\"254\">Av. Floriano Peixoto, 1.767<\/td>\n<td valign=\"top\" width=\"93\">Uberl\u00e2ndia<\/td>\n<td valign=\"top\" width=\"114\">34-3235-7528<\/td>\n<\/tr>\n<tr>\n<td valign=\"top\" width=\"238\">Sindicato Trab. Em Emp.Ferrovi\u00e1rias Zona Mogiana<\/td>\n<td valign=\"top\" width=\"254\">R. Monteiro Lobato, 285<\/td>\n<td valign=\"top\" width=\"93\">Uberl\u00e2ndia<\/td>\n<td valign=\"top\" width=\"114\">34-3213-9045<\/td>\n<\/tr>\n<tr>\n<td valign=\"top\" width=\"238\">Sindicato dos Trab. na Mov.de Merc. em Geral de Ar<\/td>\n<td valign=\"top\" width=\"254\">R. Gabriel Dias, 86<\/td>\n<td valign=\"top\" width=\"93\">Arapor\u00e3<\/td>\n<td valign=\"top\" width=\"114\"><\/td>\n<\/tr>\n<tr>\n<td valign=\"top\" width=\"238\">Sindicato dos Trab na Mov. De Merc. De Araguari<\/td>\n<td valign=\"top\" width=\"254\">R. Humberto Tadeu Jord\u00e3o, 282<\/td>\n<td valign=\"top\" width=\"93\">Araguari<\/td>\n<td valign=\"top\" width=\"114\"><\/td>\n<\/tr>\n<tr>\n<td valign=\"top\" width=\"238\">Sindicato dos Trab. Na Mov. De Merc. Geral de Capi<\/td>\n<td valign=\"top\" width=\"254\">R. Rondon Pacheco,568<\/td>\n<td valign=\"top\" width=\"93\">Capin\u00f3polis<\/td>\n<td valign=\"top\" width=\"114\"><\/td>\n<\/tr>\n<tr>\n<td valign=\"top\" width=\"238\">Sindicato dos Trab. Na Mov. Merc. Ituiutaba<\/td>\n<td valign=\"top\" width=\"254\">R. Itumbiara, 344<\/td>\n<td valign=\"top\" width=\"93\">Ituiutaba<\/td>\n<td valign=\"top\" width=\"114\"><\/td>\n<\/tr>\n<tr>\n<td valign=\"top\" width=\"238\">Sidicato dos Trab. Na Mov. De Merc. Em G. Monte Ca<\/td>\n<td valign=\"top\" width=\"254\">Av. Belo Horizonte, 661<\/td>\n<td valign=\"top\" width=\"93\">Monte Carmelo<\/td>\n<td valign=\"top\" width=\"114\"><\/td>\n<\/tr>\n<tr>\n<td valign=\"top\" width=\"238\"><a href=\"http:\/\/sinticom-tap.com.br\" target=\"_blank\">SINTICOM-TAP<\/a><\/td>\n<td valign=\"top\" width=\"254\">R. M\u00e9xico, 77<\/td>\n<td valign=\"top\" width=\"93\">Uberl\u00e2ndia<\/td>\n<td valign=\"top\" width=\"114\"><b>34-3231-9394<\/b><\/td>\n<\/tr>\n<tr>\n<td valign=\"top\" width=\"238\">Sindicato da Alimenta\u00e7\u00e3o de Ituiutaba e Gurinhat\u00e3<\/td>\n<td valign=\"top\" width=\"254\">Av. Cinco, 612<\/td>\n<td valign=\"top\" width=\"93\">Ituiutaba<\/td>\n<td valign=\"top\" width=\"114\">34-3261-5197<\/td>\n<\/tr>\n<tr>\n<td valign=\"top\" width=\"238\">Sindicato dos Banc\u00e1rios<\/td>\n<td valign=\"top\" width=\"254\">Av. Treze, 658\/704<\/td>\n<td valign=\"top\" width=\"93\">Ituiutaba<\/td>\n<td valign=\"top\" width=\"114\">34-3268-1528<\/td>\n<\/tr>\n<tr>\n<td valign=\"top\" width=\"238\">Sindicato do Comerci\u00e1rio de Ituiutaba<\/td>\n<td valign=\"top\" width=\"254\">Av. 18, 1418<\/td>\n<td valign=\"top\" width=\"93\">Ituiutaba<\/td>\n<td valign=\"top\" width=\"114\">34-3261-2887<\/td>\n<\/tr>\n<tr>\n<td valign=\"top\" width=\"238\">Sindicato dos Trab. Na Const. Civil e Mob. De Itui<\/td>\n<td valign=\"top\" width=\"254\">Av. 11, 1196<\/td>\n<td valign=\"top\" width=\"93\">Ituiutaba<\/td>\n<td valign=\"top\" width=\"114\">34-3261-5093<\/td>\n<\/tr>\n<tr>\n<td valign=\"top\" width=\"238\">Sindicato dos Trab. Metal\u00fargicos de Ituiutaba<\/td>\n<td valign=\"top\" width=\"254\">Av. 11, 1196<\/td>\n<td valign=\"top\" width=\"93\">Ituiutaba<\/td>\n<td valign=\"top\" width=\"114\">34-3261-0961<\/td>\n<\/tr>\n<tr>\n<td valign=\"top\" width=\"238\">Sindicato dos Rodovi\u00e1rios<\/td>\n<td valign=\"top\" width=\"254\">Av. 19, 760<\/td>\n<td valign=\"top\" width=\"93\">Ituiutaba<\/td>\n<td valign=\"top\" width=\"114\"><b>34-3261-6458<\/b><b><\/b><\/td>\n<\/tr>\n<tr>\n<td valign=\"top\" width=\"238\">Sindicato \u00c0rea da Sa\u00fade<\/td>\n<td valign=\"top\" width=\"254\">Av. 13, 217<\/td>\n<td valign=\"top\" width=\"93\">Ituiutaba<\/td>\n<td valign=\"top\" width=\"114\">34-3261-7281<\/td>\n<\/tr>\n<tr>\n<td valign=\"top\" width=\"238\">Sindicato dos Trabalhadores Rurais de Ituiutaba<\/td>\n<td valign=\"top\" width=\"254\">Av. 7, 477<\/td>\n<td valign=\"top\" width=\"93\">Ituiutaba<\/td>\n<td valign=\"top\" width=\"114\">34-3268-1605<\/td>\n<\/tr>\n<tr>\n<td valign=\"top\" width=\"238\">Sindicato dos Vigilantes de Ituiutaba<\/td>\n<td valign=\"top\" width=\"254\">Av. 13, 598 s\/ 14<\/td>\n<td valign=\"top\" width=\"93\">Ituiutaba<\/td>\n<td valign=\"top\" width=\"114\">34-3268-1380<\/td>\n<\/tr>\n<tr>\n<td valign=\"top\" width=\"238\">Sindicato dos Trabalhadores Rurais de Guriat\u00e3<\/td>\n<td valign=\"top\" width=\"254\">R. Vicente Paula, 275<\/td>\n<td valign=\"top\" width=\"93\">Gurinhat\u00e3<\/td>\n<td valign=\"top\" width=\"114\">34-3264-4044<\/td>\n<\/tr>\n<tr>\n<td valign=\"top\" width=\"238\">Sindicato dos Trabalhadores Rurais de Capin\u00f3polis<\/td>\n<td valign=\"top\" width=\"254\">Av. 119, 108<\/td>\n<td valign=\"top\" width=\"93\">Capin\u00f3polis<\/td>\n<td valign=\"top\" width=\"114\"><b>34-3263-1405<\/b><b><\/b><\/td>\n<\/tr>\n<tr>\n<td valign=\"top\" width=\"238\">Sindicato dos Trabalhadores Rurais de Can\u00e1polis<\/td>\n<td valign=\"top\" width=\"254\">R. 8, 882<\/td>\n<td valign=\"top\" width=\"93\">Can\u00e1polis<\/td>\n<td valign=\"top\" width=\"114\">34-3266-1367<\/td>\n<\/tr>\n<tr>\n<td valign=\"top\" width=\"238\">Sindicato Trab. Rurais do Prata<\/td>\n<td valign=\"top\" width=\"254\">P\u00e7a Juscelino Kubitscheck, 372<\/td>\n<td valign=\"top\" width=\"93\">Prata<\/td>\n<td valign=\"top\" width=\"114\"><b>34-3431-1013<\/b><b><\/b><\/td>\n<\/tr>\n<tr>\n<td valign=\"top\" width=\"238\"><a href=\"http:\/\/sinticomp.org.br\">Sindicato Trab. Ind. Const. Mob. Prata<\/a><\/td>\n<td valign=\"top\" width=\"254\">R. Fernando Noronha, 500<\/td>\n<td valign=\"top\" width=\"93\">Prata<\/td>\n<td valign=\"top\" width=\"114\">34-3431-2083<\/td>\n<\/tr>\n<tr>\n<td valign=\"top\" width=\"238\">Sindicato dos Banc\u00e1rios<\/td>\n<td valign=\"top\" width=\"254\">Av. Mato Grosso, 1355<\/td>\n<td valign=\"top\" width=\"93\">Araguari<\/td>\n<td valign=\"top\" width=\"114\">34-3241-4340<\/td>\n<\/tr>\n<tr>\n<td valign=\"top\" width=\"238\">Sindicato da Alimenta\u00e7\u00e3o<\/td>\n<td valign=\"top\" width=\"254\">R. Afonso Pena, 317<\/td>\n<td valign=\"top\" width=\"93\">Araguari<\/td>\n<td valign=\"top\" width=\"114\">34-3241-3320<\/td>\n<\/tr>\n<tr>\n<td valign=\"top\" width=\"238\">Sindicato dos Empregados em Derivados de Petroleo<\/td>\n<td valign=\"top\" width=\"254\">R. Dr. Afranio, 115 sala 04<\/td>\n<td valign=\"top\" width=\"93\">Araguari<\/td>\n<td valign=\"top\" width=\"114\">34-3242-5691<\/td>\n<\/tr>\n<tr>\n<td valign=\"top\" width=\"238\">Sindicato dos Trabalhadores Ferrovi\u00e1rios<\/td>\n<td valign=\"top\" width=\"254\">P\u00e7a dos Ferrovi\u00e1rios, 73 s\/ 08<\/td>\n<td valign=\"top\" width=\"93\">Araguari<\/td>\n<td valign=\"top\" width=\"114\">34-3242-2473<\/td>\n<\/tr>\n<tr>\n<td valign=\"top\" width=\"238\">Sindicato \u00danico dos Trabalhadores em Educa\u00e7\u00e3o<\/td>\n<td valign=\"top\" width=\"254\">Rua Aur\u00e9lio de Oliveira, 575<\/td>\n<td valign=\"top\" width=\"93\">Araguari<\/td>\n<td valign=\"top\" width=\"114\">34-3242-2473<\/td>\n<\/tr>\n<tr>\n<td valign=\"top\" width=\"238\">Sindicato dos Trabalhadores da Constru\u00e7\u00e3o Civil Pe<\/td>\n<td valign=\"top\" width=\"254\">R. Marcilio Dias, 377<\/td>\n<td valign=\"top\" width=\"93\">Araguari<\/td>\n<td valign=\"top\" width=\"114\"><b>34-3241-8599<\/b><b><\/b><\/td>\n<\/tr>\n<tr>\n<td valign=\"top\" width=\"238\">Sindicato dos Trabalhadores Ind. Metal\u00fargicos, Mec<\/td>\n<td valign=\"top\" width=\"254\">R. Dr. Afranio, 113 s\/ 04<\/td>\n<td valign=\"top\" width=\"93\">Araguari<\/td>\n<td valign=\"top\" width=\"114\">34-3242-5691<\/td>\n<\/tr>\n<tr>\n<td valign=\"top\" width=\"238\">Sindicato dos Trabalhadores em Servi\u00e7o P\u00fablico Mun<\/td>\n<td valign=\"top\" width=\"254\">Av. Joaquim Anibal, 455<\/td>\n<td valign=\"top\" width=\"93\">Araguari<\/td>\n<td valign=\"top\" width=\"114\">34-3242-3164<\/td>\n<\/tr>\n<tr>\n<td valign=\"top\" width=\"238\">SINTERT-MG<\/td>\n<td valign=\"top\" width=\"254\">Rua da Bahia, 1.148, sala 1.907<\/td>\n<td valign=\"top\" width=\"93\">Belo Horizonte<\/td>\n<td valign=\"top\" width=\"114\">31-3222-3630<\/td>\n<\/tr>\n<tr>\n<td valign=\"top\" width=\"238\">SINDEACO<\/td>\n<td valign=\"top\" width=\"254\">Rua Roosevelt de Oliveira, 626<\/td>\n<td valign=\"top\" width=\"93\">Uberl\u00e2ndia<\/td>\n<td valign=\"top\" width=\"114\"><\/td>\n<\/tr>\n<tr>\n<td valign=\"top\" width=\"238\">SINTTEL-MG<\/td>\n<td valign=\"top\" width=\"254\">Av. Araguari, 254<\/td>\n<td valign=\"top\" width=\"93\">Uberl\u00e2ndia<\/td>\n<td valign=\"top\" width=\"114\">34-3236-2003<\/td>\n<\/tr>\n<tr>\n<td valign=\"top\" width=\"238\">Sindicato dos Trabalhadores Rurais de Monte Alegre<\/td>\n<td valign=\"top\" width=\"254\">Rua Juscelino Kubitschek de Oliveira, 471<\/td>\n<td valign=\"top\" width=\"93\">Monte Alegre de Minas<\/td>\n<td valign=\"top\" width=\"114\"><\/td>\n<\/tr>\n<tr>\n<td valign=\"top\" width=\"238\">Sind. Emp. Em Inst., Benef., Relig. E Filantr\u00f3pica<\/td>\n<td valign=\"top\" width=\"254\">Rua do Serro, 308<\/td>\n<td valign=\"top\" width=\"93\">Belo Horizonte<\/td>\n<td valign=\"top\" width=\"114\"><\/td>\n<\/tr>\n<tr>\n<td valign=\"top\" width=\"238\">Sind. Trab. Rurais de Monte Carmelo<\/td>\n<td valign=\"top\" width=\"254\">Rua Rio Claro, 30 \u2013 VILA DOURADA<\/td>\n<td valign=\"top\" width=\"93\">Monte Carmelo<\/td>\n<td valign=\"top\" width=\"114\"><b>34-3842-1912<\/b><b><\/b><\/td>\n<\/tr>\n<tr>\n<td valign=\"top\" width=\"238\">Sind. Trab. Ind. Cer\u00e2micas de Monte Carmelo<\/td>\n<td valign=\"top\" width=\"254\">Rua Silvestre, 120<\/td>\n<td valign=\"top\" width=\"93\">Monte Carmelo<\/td>\n<td valign=\"top\" width=\"114\">34-3842-4220<\/td>\n<\/tr>\n<tr>\n<td valign=\"top\" width=\"238\">Sind. Trab. Dom\u00e9sticos de Udia e Regi\u00e3o<\/td>\n<td valign=\"top\" width=\"254\">Av. Get\u00falio Vargas, 1.753<\/td>\n<td valign=\"top\" width=\"93\">Uberl\u00e2ndia<\/td>\n<td valign=\"top\" width=\"114\">34-3255-7996<\/td>\n<\/tr>\n<tr>\n<td valign=\"top\" width=\"238\">Sind. Empreg. I.B.R.F &#8211; SINTIBREF<\/td>\n<td valign=\"top\" width=\"254\">Rua Machado de Assis, 821<\/td>\n<td valign=\"top\" width=\"93\">Uberl\u00e2ndia<\/td>\n<td valign=\"top\" width=\"114\">8827-1073<\/td>\n<\/tr>\n<tr>\n<td valign=\"top\" width=\"238\"><\/td>\n<td valign=\"top\" width=\"254\"><\/td>\n<td valign=\"top\" width=\"93\"><\/td>\n<td width=\"114\">\n<p align=\"center\"><b>\u00a0<\/b><\/p>\n<\/td>\n<\/tr>\n<\/tbody>\n<\/table>\n","protected":false},"excerpt":{"rendered":"<p>Sindicato Endereco Cidade Telefone Sindicato Trab. Com. Min. Derivados de petr\u00f3leo de Uberl\u00e2ndia R. Pedro Macedo Costa, 24 Uberl\u00e2ndia 34-3223-9722 Sindicato Trab. Emp. Culturais Recreativo Udia Av. Jo\u00e3o Naves de \u00c1vila, 575 s\/ 02 Uberl\u00e2ndia 34-3219-4094 Sindicato Trab. Ind. Alimenta\u00e7\u00e3o e Afins de Udia R. Benjamin Constant, 529 Uberl\u00e2ndia 34-3236-2223 Sindicato dos Professores de Minas &#8230; <a title=\"Links, endere\u00e7os e telefones\" class=\"read-more\" href=\"https:\/\/sinticomp.org.br\/portal\/servicos\/links\/\" aria-label=\"Read more about Links, endere\u00e7os e telefones\">Ler mais<\/a><\/p>\n","protected":false},"author":1,"featured_media":0,"parent":18,"menu_order":6,"comment_status":"closed","ping_status":"closed","template":"","meta":{"footnotes":"","_links_to":"","_links_to_target":""},"class_list":["post-30","page","type-page","status-publish"],"yoast_head":"<!-- This site is optimized with the Yoast SEO plugin v24.7 - https:\/\/yoast.com\/wordpress\/plugins\/seo\/ -->\n<title>Links, endere\u00e7os e telefones - Sinticomp - Prata<\/title>\n<meta name=\"robots\" content=\"index, follow, max-snippet:-1, max-image-preview:large, max-video-preview:-1\" \/>\n<link rel=\"canonical\" href=\"https:\/\/sinticomp.org.br\/portal\/servicos\/links\/\" \/>\n<meta property=\"og:locale\" content=\"pt_BR\" \/>\n<meta property=\"og:type\" content=\"article\" \/>\n<meta property=\"og:title\" content=\"Links, endere\u00e7os e telefones - Sinticomp - Prata\" \/>\n<meta property=\"og:description\" content=\"Sindicato Endereco Cidade Telefone Sindicato Trab. Com. Min. Derivados de petr\u00f3leo de Uberl\u00e2ndia R. Pedro Macedo Costa, 24 Uberl\u00e2ndia 34-3223-9722 Sindicato Trab. Emp. Culturais Recreativo Udia Av. Jo\u00e3o Naves de \u00c1vila, 575 s\/ 02 Uberl\u00e2ndia 34-3219-4094 Sindicato Trab. Ind. Alimenta\u00e7\u00e3o e Afins de Udia R. Benjamin Constant, 529 Uberl\u00e2ndia 34-3236-2223 Sindicato dos Professores de Minas ... Ler mais\" \/>\n<meta property=\"og:url\" content=\"https:\/\/sinticomp.org.br\/portal\/servicos\/links\/\" \/>\n<meta property=\"og:site_name\" content=\"Sinticomp - Prata\" \/>\n<meta property=\"article:publisher\" content=\"https:\/\/www.facebook.com\/Sinticomp\" \/>\n<meta property=\"article:modified_time\" content=\"2013-05-13T12:10:13+00:00\" \/>\n<meta property=\"og:image\" content=\"https:\/\/sinticomp.org.br\/portal\/wp-content\/uploads\/2024\/08\/logo-sinticomp-prata-perfil.jpg\" \/>\n\t<meta property=\"og:image:width\" content=\"500\" \/>\n\t<meta property=\"og:image:height\" content=\"500\" \/>\n\t<meta property=\"og:image:type\" content=\"image\/jpeg\" \/>\n<meta name=\"twitter:card\" content=\"summary_large_image\" \/>\n<meta name=\"twitter:label1\" content=\"Est. tempo de leitura\" \/>\n\t<meta name=\"twitter:data1\" content=\"4 minutos\" \/>\n<script type=\"application\/ld+json\" class=\"yoast-schema-graph\">{\"@context\":\"https:\/\/schema.org\",\"@graph\":[{\"@type\":\"WebPage\",\"@id\":\"https:\/\/sinticomp.org.br\/portal\/servicos\/links\/\",\"url\":\"https:\/\/sinticomp.org.br\/portal\/servicos\/links\/\",\"name\":\"Links, endere\u00e7os e telefones - Sinticomp - Prata\",\"isPartOf\":{\"@id\":\"https:\/\/sinticomp.org.br\/portal\/#website\"},\"datePublished\":\"2013-04-18T23:55:07+00:00\",\"dateModified\":\"2013-05-13T12:10:13+00:00\",\"breadcrumb\":{\"@id\":\"https:\/\/sinticomp.org.br\/portal\/servicos\/links\/#breadcrumb\"},\"inLanguage\":\"pt-BR\",\"potentialAction\":[{\"@type\":\"ReadAction\",\"target\":[\"https:\/\/sinticomp.org.br\/portal\/servicos\/links\/\"]}]},{\"@type\":\"BreadcrumbList\",\"@id\":\"https:\/\/sinticomp.org.br\/portal\/servicos\/links\/#breadcrumb\",\"itemListElement\":[{\"@type\":\"ListItem\",\"position\":1,\"name\":\"In\u00edcio\",\"item\":\"https:\/\/sinticomp.org.br\/portal\/\"},{\"@type\":\"ListItem\",\"position\":2,\"name\":\"Servi\u00e7os\",\"item\":\"https:\/\/sinticomp.org.br\/portal\/servicos\/\"},{\"@type\":\"ListItem\",\"position\":3,\"name\":\"Links, endere\u00e7os e telefones\"}]},{\"@type\":\"WebSite\",\"@id\":\"https:\/\/sinticomp.org.br\/portal\/#website\",\"url\":\"https:\/\/sinticomp.org.br\/portal\/\",\"name\":\"Sindicato dos Trabalhadores nas Ind\u00fastrias da Constru\u00e7\u00e3o e do Mobili\u00e1rio do Prata\",\"description\":\"Sindicato dos Trabalhadores nas Ind\u00fastrias da Constru\u00e7\u00e3o e do Mobili\u00e1rio do Prata\",\"publisher\":{\"@id\":\"https:\/\/sinticomp.org.br\/portal\/#organization\"},\"alternateName\":\"Sinticomp - Prata\",\"potentialAction\":[{\"@type\":\"SearchAction\",\"target\":{\"@type\":\"EntryPoint\",\"urlTemplate\":\"https:\/\/sinticomp.org.br\/portal\/?s={search_term_string}\"},\"query-input\":{\"@type\":\"PropertyValueSpecification\",\"valueRequired\":true,\"valueName\":\"search_term_string\"}}],\"inLanguage\":\"pt-BR\"},{\"@type\":\"Organization\",\"@id\":\"https:\/\/sinticomp.org.br\/portal\/#organization\",\"name\":\"Sindicato dos Trabalhadores nas Ind\u00fastrias da Constru\u00e7\u00e3o e do Mobili\u00e1rio do Prata\",\"alternateName\":\"Sinticomp Prata\",\"url\":\"https:\/\/sinticomp.org.br\/portal\/\",\"logo\":{\"@type\":\"ImageObject\",\"inLanguage\":\"pt-BR\",\"@id\":\"https:\/\/sinticomp.org.br\/portal\/#\/schema\/logo\/image\/\",\"url\":\"https:\/\/sinticomp.org.br\/portal\/wp-content\/uploads\/2024\/08\/Logo-Sinticomp-Prata-miniatura.jpg\",\"contentUrl\":\"https:\/\/sinticomp.org.br\/portal\/wp-content\/uploads\/2024\/08\/Logo-Sinticomp-Prata-miniatura.jpg\",\"width\":300,\"height\":314,\"caption\":\"Sindicato dos Trabalhadores nas Ind\u00fastrias da Constru\u00e7\u00e3o e do Mobili\u00e1rio do Prata\"},\"image\":{\"@id\":\"https:\/\/sinticomp.org.br\/portal\/#\/schema\/logo\/image\/\"},\"sameAs\":[\"https:\/\/www.facebook.com\/Sinticomp\",\"https:\/\/www.instagram.com\/sinticompprata\/\"]}]}<\/script>\n<!-- \/ Yoast SEO plugin. -->","yoast_head_json":{"title":"Links, endere\u00e7os e telefones - Sinticomp - Prata","robots":{"index":"index","follow":"follow","max-snippet":"max-snippet:-1","max-image-preview":"max-image-preview:large","max-video-preview":"max-video-preview:-1"},"canonical":"https:\/\/sinticomp.org.br\/portal\/servicos\/links\/","og_locale":"pt_BR","og_type":"article","og_title":"Links, endere\u00e7os e telefones - Sinticomp - Prata","og_description":"Sindicato Endereco Cidade Telefone Sindicato Trab. Com. Min. Derivados de petr\u00f3leo de Uberl\u00e2ndia R. Pedro Macedo Costa, 24 Uberl\u00e2ndia 34-3223-9722 Sindicato Trab. Emp. Culturais Recreativo Udia Av. Jo\u00e3o Naves de \u00c1vila, 575 s\/ 02 Uberl\u00e2ndia 34-3219-4094 Sindicato Trab. Ind. Alimenta\u00e7\u00e3o e Afins de Udia R. Benjamin Constant, 529 Uberl\u00e2ndia 34-3236-2223 Sindicato dos Professores de Minas ... Ler mais","og_url":"https:\/\/sinticomp.org.br\/portal\/servicos\/links\/","og_site_name":"Sinticomp - Prata","article_publisher":"https:\/\/www.facebook.com\/Sinticomp","article_modified_time":"2013-05-13T12:10:13+00:00","og_image":[{"width":500,"height":500,"url":"https:\/\/sinticomp.org.br\/portal\/wp-content\/uploads\/2024\/08\/logo-sinticomp-prata-perfil.jpg","type":"image\/jpeg"}],"twitter_card":"summary_large_image","twitter_misc":{"Est. tempo de leitura":"4 minutos"},"schema":{"@context":"https:\/\/schema.org","@graph":[{"@type":"WebPage","@id":"https:\/\/sinticomp.org.br\/portal\/servicos\/links\/","url":"https:\/\/sinticomp.org.br\/portal\/servicos\/links\/","name":"Links, endere\u00e7os e telefones - Sinticomp - Prata","isPartOf":{"@id":"https:\/\/sinticomp.org.br\/portal\/#website"},"datePublished":"2013-04-18T23:55:07+00:00","dateModified":"2013-05-13T12:10:13+00:00","breadcrumb":{"@id":"https:\/\/sinticomp.org.br\/portal\/servicos\/links\/#breadcrumb"},"inLanguage":"pt-BR","potentialAction":[{"@type":"ReadAction","target":["https:\/\/sinticomp.org.br\/portal\/servicos\/links\/"]}]},{"@type":"BreadcrumbList","@id":"https:\/\/sinticomp.org.br\/portal\/servicos\/links\/#breadcrumb","itemListElement":[{"@type":"ListItem","position":1,"name":"In\u00edcio","item":"https:\/\/sinticomp.org.br\/portal\/"},{"@type":"ListItem","position":2,"name":"Servi\u00e7os","item":"https:\/\/sinticomp.org.br\/portal\/servicos\/"},{"@type":"ListItem","position":3,"name":"Links, endere\u00e7os e telefones"}]},{"@type":"WebSite","@id":"https:\/\/sinticomp.org.br\/portal\/#website","url":"https:\/\/sinticomp.org.br\/portal\/","name":"Sindicato dos Trabalhadores nas Ind\u00fastrias da Constru\u00e7\u00e3o e do Mobili\u00e1rio do Prata","description":"Sindicato dos Trabalhadores nas Ind\u00fastrias da Constru\u00e7\u00e3o e do Mobili\u00e1rio do Prata","publisher":{"@id":"https:\/\/sinticomp.org.br\/portal\/#organization"},"alternateName":"Sinticomp - Prata","potentialAction":[{"@type":"SearchAction","target":{"@type":"EntryPoint","urlTemplate":"https:\/\/sinticomp.org.br\/portal\/?s={search_term_string}"},"query-input":{"@type":"PropertyValueSpecification","valueRequired":true,"valueName":"search_term_string"}}],"inLanguage":"pt-BR"},{"@type":"Organization","@id":"https:\/\/sinticomp.org.br\/portal\/#organization","name":"Sindicato dos Trabalhadores nas Ind\u00fastrias da Constru\u00e7\u00e3o e do Mobili\u00e1rio do Prata","alternateName":"Sinticomp Prata","url":"https:\/\/sinticomp.org.br\/portal\/","logo":{"@type":"ImageObject","inLanguage":"pt-BR","@id":"https:\/\/sinticomp.org.br\/portal\/#\/schema\/logo\/image\/","url":"https:\/\/sinticomp.org.br\/portal\/wp-content\/uploads\/2024\/08\/Logo-Sinticomp-Prata-miniatura.jpg","contentUrl":"https:\/\/sinticomp.org.br\/portal\/wp-content\/uploads\/2024\/08\/Logo-Sinticomp-Prata-miniatura.jpg","width":300,"height":314,"caption":"Sindicato dos Trabalhadores nas Ind\u00fastrias da Constru\u00e7\u00e3o e do Mobili\u00e1rio do Prata"},"image":{"@id":"https:\/\/sinticomp.org.br\/portal\/#\/schema\/logo\/image\/"},"sameAs":["https:\/\/www.facebook.com\/Sinticomp","https:\/\/www.instagram.com\/sinticompprata\/"]}]}},"_links":{"self":[{"href":"https:\/\/sinticomp.org.br\/portal\/wp-json\/wp\/v2\/pages\/30","targetHints":{"allow":["GET"]}}],"collection":[{"href":"https:\/\/sinticomp.org.br\/portal\/wp-json\/wp\/v2\/pages"}],"about":[{"href":"https:\/\/sinticomp.org.br\/portal\/wp-json\/wp\/v2\/types\/page"}],"author":[{"embeddable":true,"href":"https:\/\/sinticomp.org.br\/portal\/wp-json\/wp\/v2\/users\/1"}],"replies":[{"embeddable":true,"href":"https:\/\/sinticomp.org.br\/portal\/wp-json\/wp\/v2\/comments?post=30"}],"version-history":[{"count":8,"href":"https:\/\/sinticomp.org.br\/portal\/wp-json\/wp\/v2\/pages\/30\/revisions"}],"predecessor-version":[{"id":216,"href":"https:\/\/sinticomp.org.br\/portal\/wp-json\/wp\/v2\/pages\/30\/revisions\/216"}],"up":[{"embeddable":true,"href":"https:\/\/sinticomp.org.br\/portal\/wp-json\/wp\/v2\/pages\/18"}],"wp:attachment":[{"href":"https:\/\/sinticomp.org.br\/portal\/wp-json\/wp\/v2\/media?parent=30"}],"curies":[{"name":"wp","href":"https:\/\/api.w.org\/{rel}","templated":true}]}}