{"version":"1.0","provider_name":"Sinticomp - Prata","provider_url":"https:\/\/sinticomp.org.br\/portal","title":"MTE suspende emiss\u00e3o de Certid\u00f5es Sindicais - Sinticomp - Prata","type":"rich","width":600,"height":338,"html":"<blockquote class=\"wp-embedded-content\" data-secret=\"Loe4dnCzz7\"><a href=\"https:\/\/sinticomp.org.br\/portal\/mte-suspende-emissao-de-certidoes-sindicais\/\">MTE suspende emiss\u00e3o de Certid\u00f5es Sindicais<\/a><\/blockquote><iframe sandbox=\"allow-scripts\" security=\"restricted\" src=\"https:\/\/sinticomp.org.br\/portal\/mte-suspende-emissao-de-certidoes-sindicais\/embed\/#?secret=Loe4dnCzz7\" width=\"600\" height=\"338\" title=\"&#8220;MTE suspende emiss\u00e3o de Certid\u00f5es Sindicais&#8221; &#8212; Sinticomp - Prata\" data-secret=\"Loe4dnCzz7\" frameborder=\"0\" marginwidth=\"0\" marginheight=\"0\" scrolling=\"no\" class=\"wp-embedded-content\"><\/iframe><script>\n\/*! This file is auto-generated *\/\n!function(d,l){\"use strict\";l.querySelector&&d.addEventListener&&\"undefined\"!=typeof URL&&(d.wp=d.wp||{},d.wp.receiveEmbedMessage||(d.wp.receiveEmbedMessage=function(e){var t=e.data;if((t||t.secret||t.message||t.value)&&!\/[^a-zA-Z0-9]\/.test(t.secret)){for(var s,r,n,a=l.querySelectorAll('iframe[data-secret=\"'+t.secret+'\"]'),o=l.querySelectorAll('blockquote[data-secret=\"'+t.secret+'\"]'),c=new RegExp(\"^https?:$\",\"i\"),i=0;i<o.length;i++)o[i].style.display=\"none\";for(i=0;i<a.length;i++)s=a[i],e.source===s.contentWindow&&(s.removeAttribute(\"style\"),\"height\"===t.message?(1e3<(r=parseInt(t.value,10))?r=1e3:~~r<200&&(r=200),s.height=r):\"link\"===t.message&&(r=new URL(s.getAttribute(\"src\")),n=new URL(t.value),c.test(n.protocol))&&n.host===r.host&&l.activeElement===s&&(d.top.location.href=t.value))}},d.addEventListener(\"message\",d.wp.receiveEmbedMessage,!1),l.addEventListener(\"DOMContentLoaded\",function(){for(var e,t,s=l.querySelectorAll(\"iframe.wp-embedded-content\"),r=0;r<s.length;r++)(t=(e=s[r]).getAttribute(\"data-secret\"))||(t=Math.random().toString(36).substring(2,12),e.src+=\"#?secret=\"+t,e.setAttribute(\"data-secret\",t)),e.contentWindow.postMessage({message:\"ready\",secret:t},\"*\")},!1)))}(window,document);\n<\/script>\n","thumbnail_url":"https:\/\/sinticomp.org.br\/portal\/wp-content\/uploads\/2018\/06\/MTE.jpg","thumbnail_width":699,"thumbnail_height":420,"description":"O minist\u00e9rio, atrav\u00e9s desta portaria, diz ainda que as certid\u00f5es dever\u00e3o ser reanalisadas por uma comiss\u00e3o mista composta por tr\u00eas servidores da Secretaria de Rela\u00e7\u00f5es do Trabalho. Uma portaria do Minist\u00e9rio do Trabalho, publicada no Di\u00e1rio Oficial da Uni\u00e3o nesta quarta-feira (20), pelo minist\u00e9rio do Trabalho e Emprego determinou a suspens\u00e3o provis\u00f3ria da emiss\u00e3o de ... Ler mais"}